{"id":1587,"date":"2023-03-13T08:55:04","date_gmt":"2023-03-13T08:55:04","guid":{"rendered":"https:\/\/somnisdelemporda.com\/la-masia\/"},"modified":"2024-06-18T09:08:30","modified_gmt":"2024-06-18T09:08:30","slug":"la-masia","status":"publish","type":"page","link":"https:\/\/somnisdelemporda.com\/ca\/la-masia\/","title":{"rendered":"La masia"},"content":{"rendered":"\n<h2 class=\"has-text-align-center wp-block-heading\">La nostra filosofia<\/h2>\n\n<p>Est\u00e0vem buscant una masia allunyada de l&#8217;enrenou i les massificacions, on prevalgu\u00e9s el descans i la relaxaci\u00f3 a escassos minuts de les millors platges de la Costa Brava, un lloc que pogu\u00e9s albergar la nostra fam\u00edlia carregada de projectes i il\u00b7lusions. on pogu\u00e9ssim conciliar la vida familiar i la vida laboral, quan vam veure aquesta masia va ser amor a primera vista, per aquell temps estava molt deteriorada per\u00f2 sab\u00edem que darrere d&#8217;aquells murs de pedra es podien esculpir els nostres somnis.<\/p>\n\n<p>Despr\u00e9s de molts anys de treball preservant els materials antics que formen part de la hist\u00f2ria de la finca. Somnis de l\u00b4Empord\u00e0 s\u00b4ha convertit en el nostre estil de vida, on tot flueix d\u00b4una forma m\u00e9s lenta. Enfocada a les petites coses, aquelles que marquen la difer\u00e8ncia, connectant amb el nostre entorn i natura, amb una alimentaci\u00f3 responsable, sostenible i respectuosa amb el medi ambient, un estil de vida que volem compartir amb tu.<\/p>\n","protected":false},"excerpt":{"rendered":"<p>La nostra filosofia Est\u00e0vem buscant una masia allunyada de l&#8217;enrenou i les massificacions, on prevalgu\u00e9s el descans i la relaxaci\u00f3 a escassos minuts de les millors platges de la Costa Brava, un lloc que pogu\u00e9s albergar la nostra fam\u00edlia carregada de projectes i il\u00b7lusions. on pogu\u00e9ssim conciliar la vida familiar i la vida laboral, quan [&hellip;]<\/p>\n","protected":false},"author":1,"featured_media":0,"parent":0,"menu_order":0,"comment_status":"closed","ping_status":"closed","template":"","meta":{"_joinchat":[],"footnotes":""},"class_list":["post-1587","page","type-page","status-publish","hentry"],"yoast_head":"<!-- This site is optimized with the Yoast SEO plugin v27.5 - https:\/\/yoast.com\/product\/yoast-seo-wordpress\/ -->\n<title>La masia - Somnis de l&#039;Empord\u00e0<\/title>\n<meta name=\"robots\" content=\"index, follow, max-snippet:-1, max-image-preview:large, max-video-preview:-1\" \/>\n<link rel=\"canonical\" href=\"https:\/\/somnisdelemporda.com\/ca\/la-masia\/\" \/>\n<meta property=\"og:locale\" content=\"ca_ES\" \/>\n<meta property=\"og:type\" content=\"article\" \/>\n<meta property=\"og:title\" content=\"La masia - Somnis de l&#039;Empord\u00e0\" \/>\n<meta property=\"og:description\" content=\"La nostra filosofia Est\u00e0vem buscant una masia allunyada de l&#8217;enrenou i les massificacions, on prevalgu\u00e9s el descans i la relaxaci\u00f3 a escassos minuts de les millors platges de la Costa Brava, un lloc que pogu\u00e9s albergar la nostra fam\u00edlia carregada de projectes i il\u00b7lusions. on pogu\u00e9ssim conciliar la vida familiar i la vida laboral, quan [&hellip;]\" \/>\n<meta property=\"og:url\" content=\"https:\/\/somnisdelemporda.com\/ca\/la-masia\/\" \/>\n<meta property=\"og:site_name\" content=\"Somnis de l&#039;Empord\u00e0\" \/>\n<meta property=\"article:publisher\" content=\"https:\/\/www.facebook.com\/people\/Somnis-de-l-Empord\/100063805333548\/\" \/>\n<meta property=\"article:modified_time\" content=\"2024-06-18T09:08:30+00:00\" \/>\n<meta name=\"twitter:card\" content=\"summary_large_image\" \/>\n<meta name=\"twitter:label1\" content=\"Temps estimat de lectura\" \/>\n\t<meta name=\"twitter:data1\" content=\"1 minut\" \/>\n<script type=\"application\/ld+json\" class=\"yoast-schema-graph\">{\"@context\":\"https:\\\/\\\/schema.org\",\"@graph\":[{\"@type\":\"WebPage\",\"@id\":\"https:\\\/\\\/somnisdelemporda.com\\\/ca\\\/la-masia\\\/\",\"url\":\"https:\\\/\\\/somnisdelemporda.com\\\/ca\\\/la-masia\\\/\",\"name\":\"La masia - Somnis de l&#039;Empord\u00e0\",\"isPartOf\":{\"@id\":\"https:\\\/\\\/somnisdelemporda.com\\\/ca\\\/#website\"},\"datePublished\":\"2023-03-13T08:55:04+00:00\",\"dateModified\":\"2024-06-18T09:08:30+00:00\",\"breadcrumb\":{\"@id\":\"https:\\\/\\\/somnisdelemporda.com\\\/ca\\\/la-masia\\\/#breadcrumb\"},\"inLanguage\":\"ca\",\"potentialAction\":[{\"@type\":\"ReadAction\",\"target\":[\"https:\\\/\\\/somnisdelemporda.com\\\/ca\\\/la-masia\\\/\"]}]},{\"@type\":\"BreadcrumbList\",\"@id\":\"https:\\\/\\\/somnisdelemporda.com\\\/ca\\\/la-masia\\\/#breadcrumb\",\"itemListElement\":[{\"@type\":\"ListItem\",\"position\":1,\"name\":\"Portada\",\"item\":\"https:\\\/\\\/somnisdelemporda.com\\\/ca\\\/\"},{\"@type\":\"ListItem\",\"position\":2,\"name\":\"La masia\"}]},{\"@type\":\"WebSite\",\"@id\":\"https:\\\/\\\/somnisdelemporda.com\\\/ca\\\/#website\",\"url\":\"https:\\\/\\\/somnisdelemporda.com\\\/ca\\\/\",\"name\":\"Somnis de l'Empord\u00e0\",\"description\":\"Mas\u00eda rural en el coraz\u00f3n de l&#039;Empord\u00e0\",\"publisher\":{\"@id\":\"https:\\\/\\\/somnisdelemporda.com\\\/ca\\\/#organization\"},\"potentialAction\":[{\"@type\":\"SearchAction\",\"target\":{\"@type\":\"EntryPoint\",\"urlTemplate\":\"https:\\\/\\\/somnisdelemporda.com\\\/ca\\\/?s={search_term_string}\"},\"query-input\":{\"@type\":\"PropertyValueSpecification\",\"valueRequired\":true,\"valueName\":\"search_term_string\"}}],\"inLanguage\":\"ca\"},{\"@type\":\"Organization\",\"@id\":\"https:\\\/\\\/somnisdelemporda.com\\\/ca\\\/#organization\",\"name\":\"Somnis de l'Empord\u00e0\",\"url\":\"https:\\\/\\\/somnisdelemporda.com\\\/ca\\\/\",\"logo\":{\"@type\":\"ImageObject\",\"inLanguage\":\"ca\",\"@id\":\"https:\\\/\\\/somnisdelemporda.com\\\/ca\\\/#\\\/schema\\\/logo\\\/image\\\/\",\"url\":\"https:\\\/\\\/somnisdelemporda.com\\\/wp-content\\\/uploads\\\/2023\\\/03\\\/logo-somnis-de-lemporda_Logo-sans-serif.svg\",\"contentUrl\":\"https:\\\/\\\/somnisdelemporda.com\\\/wp-content\\\/uploads\\\/2023\\\/03\\\/logo-somnis-de-lemporda_Logo-sans-serif.svg\",\"caption\":\"Somnis de l'Empord\u00e0\"},\"image\":{\"@id\":\"https:\\\/\\\/somnisdelemporda.com\\\/ca\\\/#\\\/schema\\\/logo\\\/image\\\/\"},\"sameAs\":[\"https:\\\/\\\/www.facebook.com\\\/people\\\/Somnis-de-l-Empord\\\/100063805333548\\\/\"]}]}<\/script>\n<!-- \/ Yoast SEO plugin. -->","yoast_head_json":{"title":"La masia - Somnis de l&#039;Empord\u00e0","robots":{"index":"index","follow":"follow","max-snippet":"max-snippet:-1","max-image-preview":"max-image-preview:large","max-video-preview":"max-video-preview:-1"},"canonical":"https:\/\/somnisdelemporda.com\/ca\/la-masia\/","og_locale":"ca_ES","og_type":"article","og_title":"La masia - Somnis de l&#039;Empord\u00e0","og_description":"La nostra filosofia Est\u00e0vem buscant una masia allunyada de l&#8217;enrenou i les massificacions, on prevalgu\u00e9s el descans i la relaxaci\u00f3 a escassos minuts de les millors platges de la Costa Brava, un lloc que pogu\u00e9s albergar la nostra fam\u00edlia carregada de projectes i il\u00b7lusions. on pogu\u00e9ssim conciliar la vida familiar i la vida laboral, quan [&hellip;]","og_url":"https:\/\/somnisdelemporda.com\/ca\/la-masia\/","og_site_name":"Somnis de l&#039;Empord\u00e0","article_publisher":"https:\/\/www.facebook.com\/people\/Somnis-de-l-Empord\/100063805333548\/","article_modified_time":"2024-06-18T09:08:30+00:00","twitter_card":"summary_large_image","twitter_misc":{"Temps estimat de lectura":"1 minut"},"schema":{"@context":"https:\/\/schema.org","@graph":[{"@type":"WebPage","@id":"https:\/\/somnisdelemporda.com\/ca\/la-masia\/","url":"https:\/\/somnisdelemporda.com\/ca\/la-masia\/","name":"La masia - Somnis de l&#039;Empord\u00e0","isPartOf":{"@id":"https:\/\/somnisdelemporda.com\/ca\/#website"},"datePublished":"2023-03-13T08:55:04+00:00","dateModified":"2024-06-18T09:08:30+00:00","breadcrumb":{"@id":"https:\/\/somnisdelemporda.com\/ca\/la-masia\/#breadcrumb"},"inLanguage":"ca","potentialAction":[{"@type":"ReadAction","target":["https:\/\/somnisdelemporda.com\/ca\/la-masia\/"]}]},{"@type":"BreadcrumbList","@id":"https:\/\/somnisdelemporda.com\/ca\/la-masia\/#breadcrumb","itemListElement":[{"@type":"ListItem","position":1,"name":"Portada","item":"https:\/\/somnisdelemporda.com\/ca\/"},{"@type":"ListItem","position":2,"name":"La masia"}]},{"@type":"WebSite","@id":"https:\/\/somnisdelemporda.com\/ca\/#website","url":"https:\/\/somnisdelemporda.com\/ca\/","name":"Somnis de l'Empord\u00e0","description":"Mas\u00eda rural en el coraz\u00f3n de l&#039;Empord\u00e0","publisher":{"@id":"https:\/\/somnisdelemporda.com\/ca\/#organization"},"potentialAction":[{"@type":"SearchAction","target":{"@type":"EntryPoint","urlTemplate":"https:\/\/somnisdelemporda.com\/ca\/?s={search_term_string}"},"query-input":{"@type":"PropertyValueSpecification","valueRequired":true,"valueName":"search_term_string"}}],"inLanguage":"ca"},{"@type":"Organization","@id":"https:\/\/somnisdelemporda.com\/ca\/#organization","name":"Somnis de l'Empord\u00e0","url":"https:\/\/somnisdelemporda.com\/ca\/","logo":{"@type":"ImageObject","inLanguage":"ca","@id":"https:\/\/somnisdelemporda.com\/ca\/#\/schema\/logo\/image\/","url":"https:\/\/somnisdelemporda.com\/wp-content\/uploads\/2023\/03\/logo-somnis-de-lemporda_Logo-sans-serif.svg","contentUrl":"https:\/\/somnisdelemporda.com\/wp-content\/uploads\/2023\/03\/logo-somnis-de-lemporda_Logo-sans-serif.svg","caption":"Somnis de l'Empord\u00e0"},"image":{"@id":"https:\/\/somnisdelemporda.com\/ca\/#\/schema\/logo\/image\/"},"sameAs":["https:\/\/www.facebook.com\/people\/Somnis-de-l-Empord\/100063805333548\/"]}]}},"_links":{"self":[{"href":"https:\/\/somnisdelemporda.com\/ca\/wp-json\/wp\/v2\/pages\/1587","targetHints":{"allow":["GET"]}}],"collection":[{"href":"https:\/\/somnisdelemporda.com\/ca\/wp-json\/wp\/v2\/pages"}],"about":[{"href":"https:\/\/somnisdelemporda.com\/ca\/wp-json\/wp\/v2\/types\/page"}],"author":[{"embeddable":true,"href":"https:\/\/somnisdelemporda.com\/ca\/wp-json\/wp\/v2\/users\/1"}],"replies":[{"embeddable":true,"href":"https:\/\/somnisdelemporda.com\/ca\/wp-json\/wp\/v2\/comments?post=1587"}],"version-history":[{"count":2,"href":"https:\/\/somnisdelemporda.com\/ca\/wp-json\/wp\/v2\/pages\/1587\/revisions"}],"predecessor-version":[{"id":1589,"href":"https:\/\/somnisdelemporda.com\/ca\/wp-json\/wp\/v2\/pages\/1587\/revisions\/1589"}],"wp:attachment":[{"href":"https:\/\/somnisdelemporda.com\/ca\/wp-json\/wp\/v2\/media?parent=1587"}],"curies":[{"name":"wp","href":"https:\/\/api.w.org\/{rel}","templated":true}]}}