{"id":1611,"date":"2023-03-15T12:03:25","date_gmt":"2023-03-15T12:03:25","guid":{"rendered":"https:\/\/somnisdelemporda.com\/environnement\/"},"modified":"2024-06-18T09:08:30","modified_gmt":"2024-06-18T09:08:30","slug":"environnement","status":"publish","type":"page","link":"https:\/\/somnisdelemporda.com\/fr\/environnement\/","title":{"rendered":"Environnement"},"content":{"rendered":"\n<h1 class=\"wp-block-heading\">{post_title}<\/h1>\n<p><!-- wp:Array \/--><\/p>\n<p><!-- wp:Array \/--><\/p>\n\n<h2 class=\"wp-block-heading\">Aiguamolls de l&rsquo;Empord\u00e0<\/h2>\n\n<figure class=\"wp-block-image size-full\"><img decoding=\"async\" width=\"1181\" height=\"787\" src=\"https:\/\/somnisdelemporda.com\/wp-content\/uploads\/2023\/03\/aiguamolls.jpg\" alt=\"\" class=\"wp-image-472\" srcset=\"https:\/\/somnisdelemporda.com\/wp-content\/uploads\/2023\/03\/aiguamolls.jpg 1181w, https:\/\/somnisdelemporda.com\/wp-content\/uploads\/2023\/03\/aiguamolls-300x200.jpg 300w, https:\/\/somnisdelemporda.com\/wp-content\/uploads\/2023\/03\/aiguamolls-1024x682.jpg 1024w, https:\/\/somnisdelemporda.com\/wp-content\/uploads\/2023\/03\/aiguamolls-768x512.jpg 768w\" sizes=\"(max-width: 1181px) 100vw, 1181px\" \/><\/figure>\n\n<figure class=\"wp-block-image size-full\"><img decoding=\"async\" width=\"300\" height=\"300\" src=\"https:\/\/somnisdelemporda.com\/wp-content\/uploads\/2023\/03\/museo-Dali.jpg\" alt=\"\" class=\"wp-image-493\" srcset=\"https:\/\/somnisdelemporda.com\/wp-content\/uploads\/2023\/03\/museo-Dali.jpg 300w, https:\/\/somnisdelemporda.com\/wp-content\/uploads\/2023\/03\/museo-Dali-150x150.jpg 150w\" sizes=\"(max-width: 300px) 100vw, 300px\" \/><\/figure>\n\n<h2 class=\"wp-block-heading\">Mus\u00e9e Dal\u00ed<\/h2>\n\n<p><\/p><p>Entrez dans le monde surr\u00e9aliste de Salvador Dal\u00ed en suivant ses traces \u00e0 travers le <strong>Triangle Dalinien<\/strong>. Entourez-vous d&rsquo;art, de g\u00e9nie et d&rsquo;excentricit\u00e9.<\/p>\n<p>Le triangle Dal\u00ed est form\u00e9 par les municipalit\u00e9s de Figueres, P\u00fabol et Portlligat, situ\u00e9es respectivement \u00e0 10 km, 27 km et 36 km de Somnis de l&rsquo;Empord\u00e0.<\/p>\n<p>Salvador Dal\u00ed est consid\u00e9r\u00e9 par beaucoup comme un g\u00e9nie, par d&rsquo;autres comme un fou ou un excentrique&#8230; mais ce qui est incontestable, c&rsquo;est qu&rsquo;il a \u00e9t\u00e9 l&rsquo;un des plus grands repr\u00e9sentants de l&rsquo;art surr\u00e9aliste au monde. Son activit\u00e9 cr\u00e9atrice, outre la peinture, se manifeste \u00e9galement dans le cin\u00e9ma, le design et l&rsquo;\u00e9criture, fusionnant le personnage, l&rsquo;\u0153uvre et faisant de lui un provocateur. Nous vous proposons de suivre les traces de Salvador Dal\u00ed.<\/p>\n<p>Le Th\u00e9\u00e2tre-Mus\u00e9e Dal\u00ed a \u00e9t\u00e9 con\u00e7u par Dal\u00ed lui-m\u00eame et offre aux visiteurs une exp\u00e9rience unique et captivante dans l&rsquo;univers surr\u00e9aliste du peintre. La visite des salles permet d&rsquo;observer ses premi\u00e8res exp\u00e9riences artistiques, son surr\u00e9alisme, son mysticisme nucl\u00e9aire et sa passion pour la science, jusqu&rsquo;aux \u0153uvres de ses derni\u00e8res ann\u00e9es. (Si vous visitez le mus\u00e9e Dal\u00ed en ao\u00fbt, il est ouvert le soir et avec un guide. C&rsquo;est une exp\u00e9rience \u00e0 ne pas manquer.<\/p>\n<ul>\n<li>La <strong>Casa Museo Dal\u00ed<\/strong> fue construida sobre unas antiguas barracas de pescadores en Portlligat (Cadaques) Por dentro, tiene una estructura laber\u00edntica donde es f\u00e1cil perderse y est\u00e0 decorada con una colecci\u00f3n de objetos que fue coleccionando a lo largo de su vida. Entre sus aposentos, se pueden contemplar su taller, la biblioteca, las habitaciones donde transcurr\u00eda su vida diaria, jard\u00edn y la piscina.<\/li>\n<li>P\u00fabol es el pueblo donde Dal\u00ed compr\u00f3 el <strong>castillo medieval del s.XIV como regalo a su mujer y musa Gala.<\/strong> Fue el propio Dal\u00ed quien se encarg\u00f3 de la decoraci\u00f3n de su interior con antig\u00fcedades, simbolog\u00eda rom\u00e1ntica y barroca. Como curiosidad cabe destacar, que s\u00f3lo pod\u00eda visitarla quien tuviera una invitaci\u00f3n escrita por ella, incluso el propio Dal\u00ed la necesitaba. A partir del a\u00f1o 1982, Dal\u00ed se retir\u00f3 de la vida p\u00fablica debido a la muerte de su musa Gala y el <strong>Castillo Gala-Dal\u00ed<\/strong> se convirti\u00f3 en su \u00faltimo taller y en el mausoleo de su amada.<\/li>\n<\/ul>\n\n<figure class=\"wp-block-image size-full\"><img decoding=\"async\" width=\"900\" height=\"500\" src=\"https:\/\/somnisdelemporda.com\/wp-content\/uploads\/2023\/03\/castillo-de-peralada.jpg\" alt=\"\" class=\"wp-image-508\" srcset=\"https:\/\/somnisdelemporda.com\/wp-content\/uploads\/2023\/03\/castillo-de-peralada.jpg 900w, https:\/\/somnisdelemporda.com\/wp-content\/uploads\/2023\/03\/castillo-de-peralada-300x167.jpg 300w, https:\/\/somnisdelemporda.com\/wp-content\/uploads\/2023\/03\/castillo-de-peralada-768x427.jpg 768w\" sizes=\"(max-width: 900px) 100vw, 900px\" \/><\/figure>\n\n<h2 class=\"wp-block-heading\">Ch\u00e2teau de Perelada<\/h2>\n\n<p>Le ch\u00e2teau de Perelada est situ\u00e9 \u00e0 19 km de Somnis de l&rsquo;Empord\u00e0. Il s&rsquo;agit d&rsquo;une forteresse m\u00e9di\u00e9vale du XIVe si\u00e8cle, flanqu\u00e9e de deux tours imposantes et entour\u00e9e d&rsquo;un lac, avec 8 hectares de jardins magiques. Pendant les mois d&rsquo;\u00e9t\u00e9, le ch\u00e2teau devient le cadre id\u00e9al pour la c\u00e9l\u00e9bration de la f\u00eate de la bi\u00e8re.  <strong>Festival Perelada. Le ch\u00e2teau abrite un casino, un restaurant avec  <\/strong>\u00c9toile Michelin, l&rsquo;une des plus grandes biblioth\u00e8ques priv\u00e9es de Catalogne et un mus\u00e9e.<\/p>\n\n<figure class=\"wp-block-image size-full\"><img decoding=\"async\" width=\"1301\" height=\"976\" src=\"https:\/\/somnisdelemporda.com\/wp-content\/uploads\/2023\/03\/cap-de-creus.jpg\" alt=\"\" class=\"wp-image-504\" srcset=\"https:\/\/somnisdelemporda.com\/wp-content\/uploads\/2023\/03\/cap-de-creus.jpg 1301w, https:\/\/somnisdelemporda.com\/wp-content\/uploads\/2023\/03\/cap-de-creus-300x225.jpg 300w, https:\/\/somnisdelemporda.com\/wp-content\/uploads\/2023\/03\/cap-de-creus-1024x768.jpg 1024w, https:\/\/somnisdelemporda.com\/wp-content\/uploads\/2023\/03\/cap-de-creus-768x576.jpg 768w\" sizes=\"(max-width: 1301px) 100vw, 1301px\" \/><\/figure>\n\n<h2 class=\"wp-block-heading\">Cap de Creus<\/h2>\n\n<p><\/p><p>  Le Cap de Creus se trouve \u00e0 45 km de Somnis de l&rsquo;Empord\u00e0. Elle est constitu\u00e9e de falaises et de rochers qui contrastent avec les magnifiques criques cach\u00e9es, dont <strong>Cala Fredosa<\/strong> et <strong>Cala Tavallera <\/strong>sont parmi les plus spectaculaires. Cette r\u00e9gion se distingue par la beaut\u00e9 de ses paysages et sa grande diversit\u00e9 biologique et \u00e9cologique. De la <strong>\n  <u>\n    <a href=\"https:\/\/catalunyaturisme.cat\/far-del-cap-de-creus\/\">Far del Cap de Creus<\/a>\n  <\/u>\n<\/strong>. vous pourrez voir une partie de la vaste \u00e9tendue du parc.<\/p>\n<p>L&rsquo;un des monuments les plus importants du Cap de Creus est le monast\u00e8re de Sant Pere de Rodes, qui date du Xe si\u00e8cle et qui est d&rsquo;une beaut\u00e9 surprenante.<\/p>\n\n<figure class=\"wp-block-image size-full\"><img decoding=\"async\" width=\"1061\" height=\"630\" src=\"https:\/\/somnisdelemporda.com\/wp-content\/uploads\/2023\/03\/empuries-ruinas.jpg\" alt=\"\" class=\"wp-image-500\" srcset=\"https:\/\/somnisdelemporda.com\/wp-content\/uploads\/2023\/03\/empuries-ruinas.jpg 1061w, https:\/\/somnisdelemporda.com\/wp-content\/uploads\/2023\/03\/empuries-ruinas-300x178.jpg 300w, https:\/\/somnisdelemporda.com\/wp-content\/uploads\/2023\/03\/empuries-ruinas-1024x608.jpg 1024w, https:\/\/somnisdelemporda.com\/wp-content\/uploads\/2023\/03\/empuries-ruinas-768x456.jpg 768w\" sizes=\"(max-width: 1061px) 100vw, 1061px\" \/><\/figure>\n\n<h2 class=\"wp-block-heading\">Ruines d&rsquo;Empuries<\/h2>\n\n<p>Sant Mart\u00ed d&rsquo;Empuries est un beau village m\u00e9di\u00e9val fortifi\u00e9 situ\u00e9 \u00e0 13 km de Somnis de l&rsquo;Empord\u00e0, un joyau o\u00f9 il n&rsquo;y a pas plus de 40 habitants, qui poss\u00e8de une belle plage avec les vestiges du quai grec o\u00f9 l&rsquo;on peut contempler des couchers de soleil magiques, un sentier c\u00f4tier qui va de St. Mart\u00ed \u00e0 l&rsquo;Escala et les ruines de la cit\u00e9 gr\u00e9co-romaine d&rsquo;Empuries, qui est l&rsquo;un des sites les plus visit\u00e9s de Catalogne et le plus important d&rsquo;Espagne. Les ruines de la cit\u00e9 gr\u00e9co-romaine d&rsquo;Empuries sont le site arch\u00e9ologique le plus visit\u00e9 de Catalogne et l&rsquo;un des plus importants d&rsquo;Espagne, class\u00e9 par l&rsquo;UNESCO comme l&rsquo;un des plus beaux du monde.  <\/p>\n","protected":false},"excerpt":{"rendered":"<p>{post_title} Aiguamolls de l&rsquo;Empord\u00e0 Mus\u00e9e Dal\u00ed Entrez dans le monde surr\u00e9aliste de Salvador Dal\u00ed en suivant ses traces \u00e0 travers le Triangle Dalinien. Entourez-vous d&rsquo;art, de g\u00e9nie et d&rsquo;excentricit\u00e9. Le triangle Dal\u00ed est form\u00e9 par les municipalit\u00e9s de Figueres, P\u00fabol et Portlligat, situ\u00e9es respectivement \u00e0 10 km, 27 km et 36 km de Somnis de [&hellip;]<\/p>\n","protected":false},"author":1,"featured_media":0,"parent":0,"menu_order":0,"comment_status":"closed","ping_status":"closed","template":"","meta":{"_joinchat":[],"footnotes":""},"class_list":["post-1611","page","type-page","status-publish","hentry"],"yoast_head":"<!-- This site is optimized with the Yoast SEO plugin v27.5 - https:\/\/yoast.com\/product\/yoast-seo-wordpress\/ -->\n<title>Environnement - Somnis de l&#039;Empord\u00e0<\/title>\n<meta name=\"robots\" content=\"index, follow, max-snippet:-1, max-image-preview:large, max-video-preview:-1\" \/>\n<link rel=\"canonical\" href=\"https:\/\/somnisdelemporda.com\/fr\/environnement\/\" \/>\n<meta property=\"og:locale\" content=\"fr_FR\" \/>\n<meta property=\"og:type\" content=\"article\" \/>\n<meta property=\"og:title\" content=\"Environnement - Somnis de l&#039;Empord\u00e0\" \/>\n<meta property=\"og:description\" content=\"{post_title} Aiguamolls de l&rsquo;Empord\u00e0 Mus\u00e9e Dal\u00ed Entrez dans le monde surr\u00e9aliste de Salvador Dal\u00ed en suivant ses traces \u00e0 travers le Triangle Dalinien. Entourez-vous d&rsquo;art, de g\u00e9nie et d&rsquo;excentricit\u00e9. Le triangle Dal\u00ed est form\u00e9 par les municipalit\u00e9s de Figueres, P\u00fabol et Portlligat, situ\u00e9es respectivement \u00e0 10 km, 27 km et 36 km de Somnis de [&hellip;]\" \/>\n<meta property=\"og:url\" content=\"https:\/\/somnisdelemporda.com\/fr\/environnement\/\" \/>\n<meta property=\"og:site_name\" content=\"Somnis de l&#039;Empord\u00e0\" \/>\n<meta property=\"article:publisher\" content=\"https:\/\/www.facebook.com\/people\/Somnis-de-l-Empord\/100063805333548\/\" \/>\n<meta property=\"article:modified_time\" content=\"2024-06-18T09:08:30+00:00\" \/>\n<meta property=\"og:image\" content=\"https:\/\/somnisdelemporda.com\/wp-content\/uploads\/2023\/03\/aiguamolls.jpg\" \/>\n<meta name=\"twitter:card\" content=\"summary_large_image\" \/>\n<meta name=\"twitter:label1\" content=\"Dur\u00e9e de lecture estim\u00e9e\" \/>\n\t<meta name=\"twitter:data1\" content=\"4 minutes\" \/>\n<script type=\"application\/ld+json\" class=\"yoast-schema-graph\">{\"@context\":\"https:\\\/\\\/schema.org\",\"@graph\":[{\"@type\":\"WebPage\",\"@id\":\"https:\\\/\\\/somnisdelemporda.com\\\/fr\\\/environnement\\\/\",\"url\":\"https:\\\/\\\/somnisdelemporda.com\\\/fr\\\/environnement\\\/\",\"name\":\"Environnement - Somnis de l&#039;Empord\u00e0\",\"isPartOf\":{\"@id\":\"https:\\\/\\\/somnisdelemporda.com\\\/fr\\\/#website\"},\"primaryImageOfPage\":{\"@id\":\"https:\\\/\\\/somnisdelemporda.com\\\/fr\\\/environnement\\\/#primaryimage\"},\"image\":{\"@id\":\"https:\\\/\\\/somnisdelemporda.com\\\/fr\\\/environnement\\\/#primaryimage\"},\"thumbnailUrl\":\"https:\\\/\\\/somnisdelemporda.com\\\/wp-content\\\/uploads\\\/2023\\\/03\\\/aiguamolls.jpg\",\"datePublished\":\"2023-03-15T12:03:25+00:00\",\"dateModified\":\"2024-06-18T09:08:30+00:00\",\"breadcrumb\":{\"@id\":\"https:\\\/\\\/somnisdelemporda.com\\\/fr\\\/environnement\\\/#breadcrumb\"},\"inLanguage\":\"fr-FR\",\"potentialAction\":[{\"@type\":\"ReadAction\",\"target\":[\"https:\\\/\\\/somnisdelemporda.com\\\/fr\\\/environnement\\\/\"]}]},{\"@type\":\"ImageObject\",\"inLanguage\":\"fr-FR\",\"@id\":\"https:\\\/\\\/somnisdelemporda.com\\\/fr\\\/environnement\\\/#primaryimage\",\"url\":\"https:\\\/\\\/somnisdelemporda.com\\\/wp-content\\\/uploads\\\/2023\\\/03\\\/aiguamolls.jpg\",\"contentUrl\":\"https:\\\/\\\/somnisdelemporda.com\\\/wp-content\\\/uploads\\\/2023\\\/03\\\/aiguamolls.jpg\"},{\"@type\":\"BreadcrumbList\",\"@id\":\"https:\\\/\\\/somnisdelemporda.com\\\/fr\\\/environnement\\\/#breadcrumb\",\"itemListElement\":[{\"@type\":\"ListItem\",\"position\":1,\"name\":\"Portada\",\"item\":\"https:\\\/\\\/somnisdelemporda.com\\\/fr\\\/\"},{\"@type\":\"ListItem\",\"position\":2,\"name\":\"Environnement\"}]},{\"@type\":\"WebSite\",\"@id\":\"https:\\\/\\\/somnisdelemporda.com\\\/fr\\\/#website\",\"url\":\"https:\\\/\\\/somnisdelemporda.com\\\/fr\\\/\",\"name\":\"Somnis de l'Empord\u00e0\",\"description\":\"Mas\u00eda rural en el coraz\u00f3n de l&#039;Empord\u00e0\",\"publisher\":{\"@id\":\"https:\\\/\\\/somnisdelemporda.com\\\/fr\\\/#organization\"},\"potentialAction\":[{\"@type\":\"SearchAction\",\"target\":{\"@type\":\"EntryPoint\",\"urlTemplate\":\"https:\\\/\\\/somnisdelemporda.com\\\/fr\\\/?s={search_term_string}\"},\"query-input\":{\"@type\":\"PropertyValueSpecification\",\"valueRequired\":true,\"valueName\":\"search_term_string\"}}],\"inLanguage\":\"fr-FR\"},{\"@type\":\"Organization\",\"@id\":\"https:\\\/\\\/somnisdelemporda.com\\\/fr\\\/#organization\",\"name\":\"Somnis de l'Empord\u00e0\",\"url\":\"https:\\\/\\\/somnisdelemporda.com\\\/fr\\\/\",\"logo\":{\"@type\":\"ImageObject\",\"inLanguage\":\"fr-FR\",\"@id\":\"https:\\\/\\\/somnisdelemporda.com\\\/fr\\\/#\\\/schema\\\/logo\\\/image\\\/\",\"url\":\"https:\\\/\\\/somnisdelemporda.com\\\/wp-content\\\/uploads\\\/2023\\\/03\\\/logo-somnis-de-lemporda_Logo-sans-serif.svg\",\"contentUrl\":\"https:\\\/\\\/somnisdelemporda.com\\\/wp-content\\\/uploads\\\/2023\\\/03\\\/logo-somnis-de-lemporda_Logo-sans-serif.svg\",\"caption\":\"Somnis de l'Empord\u00e0\"},\"image\":{\"@id\":\"https:\\\/\\\/somnisdelemporda.com\\\/fr\\\/#\\\/schema\\\/logo\\\/image\\\/\"},\"sameAs\":[\"https:\\\/\\\/www.facebook.com\\\/people\\\/Somnis-de-l-Empord\\\/100063805333548\\\/\"]}]}<\/script>\n<!-- \/ Yoast SEO plugin. -->","yoast_head_json":{"title":"Environnement - Somnis de l&#039;Empord\u00e0","robots":{"index":"index","follow":"follow","max-snippet":"max-snippet:-1","max-image-preview":"max-image-preview:large","max-video-preview":"max-video-preview:-1"},"canonical":"https:\/\/somnisdelemporda.com\/fr\/environnement\/","og_locale":"fr_FR","og_type":"article","og_title":"Environnement - Somnis de l&#039;Empord\u00e0","og_description":"{post_title} Aiguamolls de l&rsquo;Empord\u00e0 Mus\u00e9e Dal\u00ed Entrez dans le monde surr\u00e9aliste de Salvador Dal\u00ed en suivant ses traces \u00e0 travers le Triangle Dalinien. Entourez-vous d&rsquo;art, de g\u00e9nie et d&rsquo;excentricit\u00e9. Le triangle Dal\u00ed est form\u00e9 par les municipalit\u00e9s de Figueres, P\u00fabol et Portlligat, situ\u00e9es respectivement \u00e0 10 km, 27 km et 36 km de Somnis de [&hellip;]","og_url":"https:\/\/somnisdelemporda.com\/fr\/environnement\/","og_site_name":"Somnis de l&#039;Empord\u00e0","article_publisher":"https:\/\/www.facebook.com\/people\/Somnis-de-l-Empord\/100063805333548\/","article_modified_time":"2024-06-18T09:08:30+00:00","og_image":[{"url":"https:\/\/somnisdelemporda.com\/wp-content\/uploads\/2023\/03\/aiguamolls.jpg","type":"","width":"","height":""}],"twitter_card":"summary_large_image","twitter_misc":{"Dur\u00e9e de lecture estim\u00e9e":"4 minutes"},"schema":{"@context":"https:\/\/schema.org","@graph":[{"@type":"WebPage","@id":"https:\/\/somnisdelemporda.com\/fr\/environnement\/","url":"https:\/\/somnisdelemporda.com\/fr\/environnement\/","name":"Environnement - Somnis de l&#039;Empord\u00e0","isPartOf":{"@id":"https:\/\/somnisdelemporda.com\/fr\/#website"},"primaryImageOfPage":{"@id":"https:\/\/somnisdelemporda.com\/fr\/environnement\/#primaryimage"},"image":{"@id":"https:\/\/somnisdelemporda.com\/fr\/environnement\/#primaryimage"},"thumbnailUrl":"https:\/\/somnisdelemporda.com\/wp-content\/uploads\/2023\/03\/aiguamolls.jpg","datePublished":"2023-03-15T12:03:25+00:00","dateModified":"2024-06-18T09:08:30+00:00","breadcrumb":{"@id":"https:\/\/somnisdelemporda.com\/fr\/environnement\/#breadcrumb"},"inLanguage":"fr-FR","potentialAction":[{"@type":"ReadAction","target":["https:\/\/somnisdelemporda.com\/fr\/environnement\/"]}]},{"@type":"ImageObject","inLanguage":"fr-FR","@id":"https:\/\/somnisdelemporda.com\/fr\/environnement\/#primaryimage","url":"https:\/\/somnisdelemporda.com\/wp-content\/uploads\/2023\/03\/aiguamolls.jpg","contentUrl":"https:\/\/somnisdelemporda.com\/wp-content\/uploads\/2023\/03\/aiguamolls.jpg"},{"@type":"BreadcrumbList","@id":"https:\/\/somnisdelemporda.com\/fr\/environnement\/#breadcrumb","itemListElement":[{"@type":"ListItem","position":1,"name":"Portada","item":"https:\/\/somnisdelemporda.com\/fr\/"},{"@type":"ListItem","position":2,"name":"Environnement"}]},{"@type":"WebSite","@id":"https:\/\/somnisdelemporda.com\/fr\/#website","url":"https:\/\/somnisdelemporda.com\/fr\/","name":"Somnis de l'Empord\u00e0","description":"Mas\u00eda rural en el coraz\u00f3n de l&#039;Empord\u00e0","publisher":{"@id":"https:\/\/somnisdelemporda.com\/fr\/#organization"},"potentialAction":[{"@type":"SearchAction","target":{"@type":"EntryPoint","urlTemplate":"https:\/\/somnisdelemporda.com\/fr\/?s={search_term_string}"},"query-input":{"@type":"PropertyValueSpecification","valueRequired":true,"valueName":"search_term_string"}}],"inLanguage":"fr-FR"},{"@type":"Organization","@id":"https:\/\/somnisdelemporda.com\/fr\/#organization","name":"Somnis de l'Empord\u00e0","url":"https:\/\/somnisdelemporda.com\/fr\/","logo":{"@type":"ImageObject","inLanguage":"fr-FR","@id":"https:\/\/somnisdelemporda.com\/fr\/#\/schema\/logo\/image\/","url":"https:\/\/somnisdelemporda.com\/wp-content\/uploads\/2023\/03\/logo-somnis-de-lemporda_Logo-sans-serif.svg","contentUrl":"https:\/\/somnisdelemporda.com\/wp-content\/uploads\/2023\/03\/logo-somnis-de-lemporda_Logo-sans-serif.svg","caption":"Somnis de l'Empord\u00e0"},"image":{"@id":"https:\/\/somnisdelemporda.com\/fr\/#\/schema\/logo\/image\/"},"sameAs":["https:\/\/www.facebook.com\/people\/Somnis-de-l-Empord\/100063805333548\/"]}]}},"_links":{"self":[{"href":"https:\/\/somnisdelemporda.com\/fr\/wp-json\/wp\/v2\/pages\/1611","targetHints":{"allow":["GET"]}}],"collection":[{"href":"https:\/\/somnisdelemporda.com\/fr\/wp-json\/wp\/v2\/pages"}],"about":[{"href":"https:\/\/somnisdelemporda.com\/fr\/wp-json\/wp\/v2\/types\/page"}],"author":[{"embeddable":true,"href":"https:\/\/somnisdelemporda.com\/fr\/wp-json\/wp\/v2\/users\/1"}],"replies":[{"embeddable":true,"href":"https:\/\/somnisdelemporda.com\/fr\/wp-json\/wp\/v2\/comments?post=1611"}],"version-history":[{"count":1,"href":"https:\/\/somnisdelemporda.com\/fr\/wp-json\/wp\/v2\/pages\/1611\/revisions"}],"predecessor-version":[{"id":1612,"href":"https:\/\/somnisdelemporda.com\/fr\/wp-json\/wp\/v2\/pages\/1611\/revisions\/1612"}],"wp:attachment":[{"href":"https:\/\/somnisdelemporda.com\/fr\/wp-json\/wp\/v2\/media?parent=1611"}],"curies":[{"name":"wp","href":"https:\/\/api.w.org\/{rel}","templated":true}]}}