{"id":1247,"date":"2023-03-16T10:56:51","date_gmt":"2023-03-16T10:56:51","guid":{"rendered":"https:\/\/somnisdelemporda.com\/rooms\/suite-ocre\/"},"modified":"2023-05-03T14:44:59","modified_gmt":"2023-05-03T14:44:59","slug":"suite-ocre","status":"publish","type":"rooms","link":"https:\/\/somnisdelemporda.com\/fr\/rooms\/suite-ocre\/","title":{"rendered":"Suite Ocre"},"content":{"rendered":"&#13;\n<p>R\u00e9veillez-vous chaque matin avec la lumi\u00e8re naturelle et l&rsquo;air frais du jardin entrant par les grandes fen\u00eatres, sentez l&rsquo;\u00e9nergie circuler en reliant l&rsquo;ext\u00e9rieur \u00e0 l&rsquo;int\u00e9rieur de la pi\u00e8ce et d\u00e9tendez-vous avec un bain pour deux dans la baignoire ronde d&rsquo;hydromassage avec des produits Rituals et des bougies aromatiques.<\/p>&#13;\n&#13;\n<p>Situ\u00e9e au rez-de-chauss\u00e9e de la ferme, face au jardin, elle dispose de 50 m divis\u00e9s en deux chambres communicantes sp\u00e9cialement con\u00e7ues pour le confort des familles \u00e0 la recherche de calme et d&rsquo;intimit\u00e9.<\/p>&#13;\n&#13;\n<p>Possibilit\u00e9 d&rsquo;ajouter une troisi\u00e8me chambre et d&rsquo;avoir l&rsquo;usage exclusif du jardin de la cour int\u00e9rieure en choisissant la suite oxyd\u00e9e.<\/p>&#13;\n&#13;\n<p>Dimensions 50m, chambre principale : lit king size (180mx2m), chambre double : 2 lits simples de 90x2m, acc\u00e8s au jardin, fauteuil pivotant en cuir, tables et chaises, grande salle de bain avec mobilier en teck, douche \u00e0 effet pluie, baignoire ronde double hydro massage, deux climatiseurs, minibar, machine \u00e0 caf\u00e9, deux tv \u00e9cran plat, wifi gratuit, \u00e9quipements Rituals.<\/p>&#13;\n&#13;\n<p>Le prix de la suite comprend un d\u00e9licieux petit-d\u00e9jeuner buffet compos\u00e9 de produits locaux tels que de la charcuterie, du jambon ib\u00e9rique, des \u0153ufs de notre poulailler, des fruits et l\u00e9gumes du jardin, des g\u00e2teaux faits maison, des milk-shakes et des jus de fruits naturels.<\/p>&#13;\n\r\n<blockquote class=\"wp-block-quote is-layout-flow wp-block-quote-is-layout-flow\">&#13;\n<p>Possibilit\u00e9 de choisir la suite <a href=\"https:\/\/somnisdelemporda.com\/fr\/rooms\/oxid-suite\/\" data-type=\"rooms\" data-id=\"757\">Oxid <\/a>et Ochre pour une zone exclusive.<\/p>&#13;\n<\/blockquote>\r\n","protected":false},"excerpt":{"rendered":"<p>&#13; R\u00e9veillez-vous chaque matin avec la lumi\u00e8re naturelle et l&rsquo;air frais du jardin entrant par les grandes fen\u00eatres, sentez l&rsquo;\u00e9nergie circuler en reliant l&rsquo;ext\u00e9rieur \u00e0 l&rsquo;int\u00e9rieur de la pi\u00e8ce et d\u00e9tendez-vous avec un bain pour deux dans la baignoire ronde d&rsquo;hydromassage avec des produits Rituals et des bougies aromatiques. &#13; &#13; Situ\u00e9e au rez-de-chauss\u00e9e de [&hellip;]<\/p>\n","protected":false},"featured_media":811,"template":"","meta":{"_joinchat":[],"footnotes":""},"class_list":["post-1247","rooms","type-rooms","status-publish","has-post-thumbnail","hentry"],"yoast_head":"<!-- This site is optimized with the Yoast SEO plugin v27.5 - https:\/\/yoast.com\/product\/yoast-seo-wordpress\/ -->\n<title>Suite Ocre - Somnis de l&#039;Empord\u00e0<\/title>\n<meta name=\"robots\" content=\"index, follow, max-snippet:-1, max-image-preview:large, max-video-preview:-1\" \/>\n<link rel=\"canonical\" href=\"https:\/\/somnisdelemporda.com\/fr\/rooms\/suite-ocre\/\" \/>\n<meta property=\"og:locale\" content=\"fr_FR\" \/>\n<meta property=\"og:type\" content=\"article\" \/>\n<meta property=\"og:title\" content=\"Suite Ocre - Somnis de l&#039;Empord\u00e0\" \/>\n<meta property=\"og:description\" content=\"&#013; R\u00e9veillez-vous chaque matin avec la lumi\u00e8re naturelle et l&rsquo;air frais du jardin entrant par les grandes fen\u00eatres, sentez l&rsquo;\u00e9nergie circuler en reliant l&rsquo;ext\u00e9rieur \u00e0 l&rsquo;int\u00e9rieur de la pi\u00e8ce et d\u00e9tendez-vous avec un bain pour deux dans la baignoire ronde d&rsquo;hydromassage avec des produits Rituals et des bougies aromatiques. &#013; &#013; Situ\u00e9e au rez-de-chauss\u00e9e de [&hellip;]\" \/>\n<meta property=\"og:url\" content=\"https:\/\/somnisdelemporda.com\/fr\/rooms\/suite-ocre\/\" \/>\n<meta property=\"og:site_name\" content=\"Somnis de l&#039;Empord\u00e0\" \/>\n<meta property=\"article:publisher\" content=\"https:\/\/www.facebook.com\/people\/Somnis-de-l-Empord\/100063805333548\/\" \/>\n<meta property=\"article:modified_time\" content=\"2023-05-03T14:44:59+00:00\" \/>\n<meta property=\"og:image\" content=\"https:\/\/somnisdelemporda.com\/wp-content\/uploads\/2023\/03\/B2A1888-scaled.jpg\" \/>\n\t<meta property=\"og:image:width\" content=\"2560\" \/>\n\t<meta property=\"og:image:height\" content=\"1707\" \/>\n\t<meta property=\"og:image:type\" content=\"image\/jpeg\" \/>\n<meta name=\"twitter:card\" content=\"summary_large_image\" \/>\n<meta name=\"twitter:label1\" content=\"Dur\u00e9e de lecture estim\u00e9e\" \/>\n\t<meta name=\"twitter:data1\" content=\"1 minute\" \/>\n<script type=\"application\/ld+json\" class=\"yoast-schema-graph\">{\"@context\":\"https:\\\/\\\/schema.org\",\"@graph\":[{\"@type\":\"WebPage\",\"@id\":\"https:\\\/\\\/somnisdelemporda.com\\\/fr\\\/rooms\\\/suite-ocre\\\/\",\"url\":\"https:\\\/\\\/somnisdelemporda.com\\\/fr\\\/rooms\\\/suite-ocre\\\/\",\"name\":\"Suite Ocre - Somnis de l&#039;Empord\u00e0\",\"isPartOf\":{\"@id\":\"https:\\\/\\\/somnisdelemporda.com\\\/fr\\\/#website\"},\"primaryImageOfPage\":{\"@id\":\"https:\\\/\\\/somnisdelemporda.com\\\/fr\\\/rooms\\\/suite-ocre\\\/#primaryimage\"},\"image\":{\"@id\":\"https:\\\/\\\/somnisdelemporda.com\\\/fr\\\/rooms\\\/suite-ocre\\\/#primaryimage\"},\"thumbnailUrl\":\"https:\\\/\\\/somnisdelemporda.com\\\/wp-content\\\/uploads\\\/2023\\\/03\\\/B2A1888-scaled.jpg\",\"datePublished\":\"2023-03-16T10:56:51+00:00\",\"dateModified\":\"2023-05-03T14:44:59+00:00\",\"breadcrumb\":{\"@id\":\"https:\\\/\\\/somnisdelemporda.com\\\/fr\\\/rooms\\\/suite-ocre\\\/#breadcrumb\"},\"inLanguage\":\"fr-FR\",\"potentialAction\":[{\"@type\":\"ReadAction\",\"target\":[\"https:\\\/\\\/somnisdelemporda.com\\\/fr\\\/rooms\\\/suite-ocre\\\/\"]}]},{\"@type\":\"ImageObject\",\"inLanguage\":\"fr-FR\",\"@id\":\"https:\\\/\\\/somnisdelemporda.com\\\/fr\\\/rooms\\\/suite-ocre\\\/#primaryimage\",\"url\":\"https:\\\/\\\/somnisdelemporda.com\\\/wp-content\\\/uploads\\\/2023\\\/03\\\/B2A1888-scaled.jpg\",\"contentUrl\":\"https:\\\/\\\/somnisdelemporda.com\\\/wp-content\\\/uploads\\\/2023\\\/03\\\/B2A1888-scaled.jpg\",\"width\":2560,\"height\":1707},{\"@type\":\"BreadcrumbList\",\"@id\":\"https:\\\/\\\/somnisdelemporda.com\\\/fr\\\/rooms\\\/suite-ocre\\\/#breadcrumb\",\"itemListElement\":[{\"@type\":\"ListItem\",\"position\":1,\"name\":\"Portada\",\"item\":\"https:\\\/\\\/somnisdelemporda.com\\\/fr\\\/\"},{\"@type\":\"ListItem\",\"position\":2,\"name\":\"Rooms\",\"item\":\"https:\\\/\\\/somnisdelemporda.com\\\/fr\\\/rooms\\\/\"},{\"@type\":\"ListItem\",\"position\":3,\"name\":\"Suite Ocre\"}]},{\"@type\":\"WebSite\",\"@id\":\"https:\\\/\\\/somnisdelemporda.com\\\/fr\\\/#website\",\"url\":\"https:\\\/\\\/somnisdelemporda.com\\\/fr\\\/\",\"name\":\"Somnis de l'Empord\u00e0\",\"description\":\"Mas\u00eda rural en el coraz\u00f3n de l&#039;Empord\u00e0\",\"publisher\":{\"@id\":\"https:\\\/\\\/somnisdelemporda.com\\\/fr\\\/#organization\"},\"potentialAction\":[{\"@type\":\"SearchAction\",\"target\":{\"@type\":\"EntryPoint\",\"urlTemplate\":\"https:\\\/\\\/somnisdelemporda.com\\\/fr\\\/?s={search_term_string}\"},\"query-input\":{\"@type\":\"PropertyValueSpecification\",\"valueRequired\":true,\"valueName\":\"search_term_string\"}}],\"inLanguage\":\"fr-FR\"},{\"@type\":\"Organization\",\"@id\":\"https:\\\/\\\/somnisdelemporda.com\\\/fr\\\/#organization\",\"name\":\"Somnis de l'Empord\u00e0\",\"url\":\"https:\\\/\\\/somnisdelemporda.com\\\/fr\\\/\",\"logo\":{\"@type\":\"ImageObject\",\"inLanguage\":\"fr-FR\",\"@id\":\"https:\\\/\\\/somnisdelemporda.com\\\/fr\\\/#\\\/schema\\\/logo\\\/image\\\/\",\"url\":\"https:\\\/\\\/somnisdelemporda.com\\\/wp-content\\\/uploads\\\/2023\\\/03\\\/logo-somnis-de-lemporda_Logo-sans-serif.svg\",\"contentUrl\":\"https:\\\/\\\/somnisdelemporda.com\\\/wp-content\\\/uploads\\\/2023\\\/03\\\/logo-somnis-de-lemporda_Logo-sans-serif.svg\",\"caption\":\"Somnis de l'Empord\u00e0\"},\"image\":{\"@id\":\"https:\\\/\\\/somnisdelemporda.com\\\/fr\\\/#\\\/schema\\\/logo\\\/image\\\/\"},\"sameAs\":[\"https:\\\/\\\/www.facebook.com\\\/people\\\/Somnis-de-l-Empord\\\/100063805333548\\\/\"]}]}<\/script>\n<!-- \/ Yoast SEO plugin. -->","yoast_head_json":{"title":"Suite Ocre - Somnis de l&#039;Empord\u00e0","robots":{"index":"index","follow":"follow","max-snippet":"max-snippet:-1","max-image-preview":"max-image-preview:large","max-video-preview":"max-video-preview:-1"},"canonical":"https:\/\/somnisdelemporda.com\/fr\/rooms\/suite-ocre\/","og_locale":"fr_FR","og_type":"article","og_title":"Suite Ocre - Somnis de l&#039;Empord\u00e0","og_description":"&#13; R\u00e9veillez-vous chaque matin avec la lumi\u00e8re naturelle et l&rsquo;air frais du jardin entrant par les grandes fen\u00eatres, sentez l&rsquo;\u00e9nergie circuler en reliant l&rsquo;ext\u00e9rieur \u00e0 l&rsquo;int\u00e9rieur de la pi\u00e8ce et d\u00e9tendez-vous avec un bain pour deux dans la baignoire ronde d&rsquo;hydromassage avec des produits Rituals et des bougies aromatiques. &#13; &#13; Situ\u00e9e au rez-de-chauss\u00e9e de [&hellip;]","og_url":"https:\/\/somnisdelemporda.com\/fr\/rooms\/suite-ocre\/","og_site_name":"Somnis de l&#039;Empord\u00e0","article_publisher":"https:\/\/www.facebook.com\/people\/Somnis-de-l-Empord\/100063805333548\/","article_modified_time":"2023-05-03T14:44:59+00:00","og_image":[{"width":2560,"height":1707,"url":"https:\/\/somnisdelemporda.com\/wp-content\/uploads\/2023\/03\/B2A1888-scaled.jpg","type":"image\/jpeg"}],"twitter_card":"summary_large_image","twitter_misc":{"Dur\u00e9e de lecture estim\u00e9e":"1 minute"},"schema":{"@context":"https:\/\/schema.org","@graph":[{"@type":"WebPage","@id":"https:\/\/somnisdelemporda.com\/fr\/rooms\/suite-ocre\/","url":"https:\/\/somnisdelemporda.com\/fr\/rooms\/suite-ocre\/","name":"Suite Ocre - Somnis de l&#039;Empord\u00e0","isPartOf":{"@id":"https:\/\/somnisdelemporda.com\/fr\/#website"},"primaryImageOfPage":{"@id":"https:\/\/somnisdelemporda.com\/fr\/rooms\/suite-ocre\/#primaryimage"},"image":{"@id":"https:\/\/somnisdelemporda.com\/fr\/rooms\/suite-ocre\/#primaryimage"},"thumbnailUrl":"https:\/\/somnisdelemporda.com\/wp-content\/uploads\/2023\/03\/B2A1888-scaled.jpg","datePublished":"2023-03-16T10:56:51+00:00","dateModified":"2023-05-03T14:44:59+00:00","breadcrumb":{"@id":"https:\/\/somnisdelemporda.com\/fr\/rooms\/suite-ocre\/#breadcrumb"},"inLanguage":"fr-FR","potentialAction":[{"@type":"ReadAction","target":["https:\/\/somnisdelemporda.com\/fr\/rooms\/suite-ocre\/"]}]},{"@type":"ImageObject","inLanguage":"fr-FR","@id":"https:\/\/somnisdelemporda.com\/fr\/rooms\/suite-ocre\/#primaryimage","url":"https:\/\/somnisdelemporda.com\/wp-content\/uploads\/2023\/03\/B2A1888-scaled.jpg","contentUrl":"https:\/\/somnisdelemporda.com\/wp-content\/uploads\/2023\/03\/B2A1888-scaled.jpg","width":2560,"height":1707},{"@type":"BreadcrumbList","@id":"https:\/\/somnisdelemporda.com\/fr\/rooms\/suite-ocre\/#breadcrumb","itemListElement":[{"@type":"ListItem","position":1,"name":"Portada","item":"https:\/\/somnisdelemporda.com\/fr\/"},{"@type":"ListItem","position":2,"name":"Rooms","item":"https:\/\/somnisdelemporda.com\/fr\/rooms\/"},{"@type":"ListItem","position":3,"name":"Suite Ocre"}]},{"@type":"WebSite","@id":"https:\/\/somnisdelemporda.com\/fr\/#website","url":"https:\/\/somnisdelemporda.com\/fr\/","name":"Somnis de l'Empord\u00e0","description":"Mas\u00eda rural en el coraz\u00f3n de l&#039;Empord\u00e0","publisher":{"@id":"https:\/\/somnisdelemporda.com\/fr\/#organization"},"potentialAction":[{"@type":"SearchAction","target":{"@type":"EntryPoint","urlTemplate":"https:\/\/somnisdelemporda.com\/fr\/?s={search_term_string}"},"query-input":{"@type":"PropertyValueSpecification","valueRequired":true,"valueName":"search_term_string"}}],"inLanguage":"fr-FR"},{"@type":"Organization","@id":"https:\/\/somnisdelemporda.com\/fr\/#organization","name":"Somnis de l'Empord\u00e0","url":"https:\/\/somnisdelemporda.com\/fr\/","logo":{"@type":"ImageObject","inLanguage":"fr-FR","@id":"https:\/\/somnisdelemporda.com\/fr\/#\/schema\/logo\/image\/","url":"https:\/\/somnisdelemporda.com\/wp-content\/uploads\/2023\/03\/logo-somnis-de-lemporda_Logo-sans-serif.svg","contentUrl":"https:\/\/somnisdelemporda.com\/wp-content\/uploads\/2023\/03\/logo-somnis-de-lemporda_Logo-sans-serif.svg","caption":"Somnis de l'Empord\u00e0"},"image":{"@id":"https:\/\/somnisdelemporda.com\/fr\/#\/schema\/logo\/image\/"},"sameAs":["https:\/\/www.facebook.com\/people\/Somnis-de-l-Empord\/100063805333548\/"]}]}},"_links":{"self":[{"href":"https:\/\/somnisdelemporda.com\/fr\/wp-json\/wp\/v2\/rooms\/1247","targetHints":{"allow":["GET"]}}],"collection":[{"href":"https:\/\/somnisdelemporda.com\/fr\/wp-json\/wp\/v2\/rooms"}],"about":[{"href":"https:\/\/somnisdelemporda.com\/fr\/wp-json\/wp\/v2\/types\/rooms"}],"version-history":[{"count":5,"href":"https:\/\/somnisdelemporda.com\/fr\/wp-json\/wp\/v2\/rooms\/1247\/revisions"}],"predecessor-version":[{"id":1467,"href":"https:\/\/somnisdelemporda.com\/fr\/wp-json\/wp\/v2\/rooms\/1247\/revisions\/1467"}],"wp:featuredmedia":[{"embeddable":true,"href":"https:\/\/somnisdelemporda.com\/fr\/wp-json\/wp\/v2\/media\/811"}],"wp:attachment":[{"href":"https:\/\/somnisdelemporda.com\/fr\/wp-json\/wp\/v2\/media?parent=1247"}],"curies":[{"name":"wp","href":"https:\/\/api.w.org\/{rel}","templated":true}]}}