{"id":1277,"date":"2023-03-16T10:47:06","date_gmt":"2023-03-16T10:47:06","guid":{"rendered":"https:\/\/somnisdelemporda.com\/rooms\/suite-grenat\/"},"modified":"2023-04-26T14:38:15","modified_gmt":"2023-04-26T14:38:15","slug":"suite-grenat","status":"publish","type":"rooms","link":"https:\/\/somnisdelemporda.com\/fr\/rooms\/suite-grenat\/","title":{"rendered":"Suite Grenat"},"content":{"rendered":"\n<p>Il per\u00e7oit le charme qui existe entre l&rsquo;architecture ancienne : \u00ab\u00a0bigues, llates, toba catalana, festejadors\u00a0\u00bb et les lignes droites et modernes. cr\u00e9ant une atmosph\u00e8re chaleureuse et accueillante. Des bambous, des bougies parfum\u00e9es et une immense douche double \u00e0 effet de pluie compl\u00e8tent l&rsquo;exp\u00e9rience relaxante.<\/p>\n\n<p>Dimensions 38m, mobilier en teck, lit 1,70 x 190, grande armoire pour les grandes chambres, tuf catalan (carreaux de terre cuite de plus de 200 ans), grand espace douche double avec effet pluie et banquette, feu au bio\u00e9thanol, festejadors, Bigues, climatisation, canap\u00e9 rond pivotant en cuir, minibar, cafeti\u00e8re, TV \u00e9cran plat, wifi gratuit, produits de la marque Rituals.<\/p>\n\n<p>Le prix de la suite comprend un d\u00e9licieux petit-d\u00e9jeuner buffet compos\u00e9 de produits locaux tels que de la charcuterie, du jambon ib\u00e9rique, des \u0153ufs de notre poulailler, des fruits et l\u00e9gumes du jardin, des g\u00e2teaux faits maison, des milk-shakes et des jus de fruits naturels.<\/p>\n","protected":false},"excerpt":{"rendered":"<p>Il per\u00e7oit le charme qui existe entre l&rsquo;architecture ancienne : \u00ab\u00a0bigues, llates, toba catalana, festejadors\u00a0\u00bb et les lignes droites et modernes. cr\u00e9ant une atmosph\u00e8re chaleureuse et accueillante. Des bambous, des bougies parfum\u00e9es et une immense douche double \u00e0 effet de pluie compl\u00e8tent l&rsquo;exp\u00e9rience relaxante. Dimensions 38m, mobilier en teck, lit 1,70 x 190, grande armoire [&hellip;]<\/p>\n","protected":false},"featured_media":730,"template":"","meta":{"_joinchat":[],"footnotes":""},"class_list":["post-1277","rooms","type-rooms","status-publish","has-post-thumbnail","hentry"],"yoast_head":"<!-- This site is optimized with the Yoast SEO plugin v27.5 - https:\/\/yoast.com\/product\/yoast-seo-wordpress\/ -->\n<title>Suite Grenat - Somnis de l&#039;Empord\u00e0<\/title>\n<meta name=\"robots\" content=\"index, follow, max-snippet:-1, max-image-preview:large, max-video-preview:-1\" \/>\n<link rel=\"canonical\" href=\"https:\/\/somnisdelemporda.com\/fr\/rooms\/suite-grenat\/\" \/>\n<meta property=\"og:locale\" content=\"fr_FR\" \/>\n<meta property=\"og:type\" content=\"article\" \/>\n<meta property=\"og:title\" content=\"Suite Grenat - Somnis de l&#039;Empord\u00e0\" \/>\n<meta property=\"og:description\" content=\"Il per\u00e7oit le charme qui existe entre l&rsquo;architecture ancienne : \u00ab\u00a0bigues, llates, toba catalana, festejadors\u00a0\u00bb et les lignes droites et modernes. cr\u00e9ant une atmosph\u00e8re chaleureuse et accueillante. Des bambous, des bougies parfum\u00e9es et une immense douche double \u00e0 effet de pluie compl\u00e8tent l&rsquo;exp\u00e9rience relaxante. Dimensions 38m, mobilier en teck, lit 1,70 x 190, grande armoire [&hellip;]\" \/>\n<meta property=\"og:url\" content=\"https:\/\/somnisdelemporda.com\/fr\/rooms\/suite-grenat\/\" \/>\n<meta property=\"og:site_name\" content=\"Somnis de l&#039;Empord\u00e0\" \/>\n<meta property=\"article:publisher\" content=\"https:\/\/www.facebook.com\/people\/Somnis-de-l-Empord\/100063805333548\/\" \/>\n<meta property=\"article:modified_time\" content=\"2023-04-26T14:38:15+00:00\" \/>\n<meta property=\"og:image\" content=\"https:\/\/somnisdelemporda.com\/wp-content\/uploads\/2023\/03\/B2A2107-scaled.jpg\" \/>\n\t<meta property=\"og:image:width\" content=\"1707\" \/>\n\t<meta property=\"og:image:height\" content=\"2560\" \/>\n\t<meta property=\"og:image:type\" content=\"image\/jpeg\" \/>\n<meta name=\"twitter:card\" content=\"summary_large_image\" \/>\n<meta name=\"twitter:label1\" content=\"Dur\u00e9e de lecture estim\u00e9e\" \/>\n\t<meta name=\"twitter:data1\" content=\"1 minute\" \/>\n<script type=\"application\/ld+json\" class=\"yoast-schema-graph\">{\"@context\":\"https:\\\/\\\/schema.org\",\"@graph\":[{\"@type\":\"WebPage\",\"@id\":\"https:\\\/\\\/somnisdelemporda.com\\\/fr\\\/rooms\\\/suite-grenat\\\/\",\"url\":\"https:\\\/\\\/somnisdelemporda.com\\\/fr\\\/rooms\\\/suite-grenat\\\/\",\"name\":\"Suite Grenat - Somnis de l&#039;Empord\u00e0\",\"isPartOf\":{\"@id\":\"https:\\\/\\\/somnisdelemporda.com\\\/fr\\\/#website\"},\"primaryImageOfPage\":{\"@id\":\"https:\\\/\\\/somnisdelemporda.com\\\/fr\\\/rooms\\\/suite-grenat\\\/#primaryimage\"},\"image\":{\"@id\":\"https:\\\/\\\/somnisdelemporda.com\\\/fr\\\/rooms\\\/suite-grenat\\\/#primaryimage\"},\"thumbnailUrl\":\"https:\\\/\\\/somnisdelemporda.com\\\/wp-content\\\/uploads\\\/2023\\\/03\\\/B2A2107-scaled.jpg\",\"datePublished\":\"2023-03-16T10:47:06+00:00\",\"dateModified\":\"2023-04-26T14:38:15+00:00\",\"breadcrumb\":{\"@id\":\"https:\\\/\\\/somnisdelemporda.com\\\/fr\\\/rooms\\\/suite-grenat\\\/#breadcrumb\"},\"inLanguage\":\"fr-FR\",\"potentialAction\":[{\"@type\":\"ReadAction\",\"target\":[\"https:\\\/\\\/somnisdelemporda.com\\\/fr\\\/rooms\\\/suite-grenat\\\/\"]}]},{\"@type\":\"ImageObject\",\"inLanguage\":\"fr-FR\",\"@id\":\"https:\\\/\\\/somnisdelemporda.com\\\/fr\\\/rooms\\\/suite-grenat\\\/#primaryimage\",\"url\":\"https:\\\/\\\/somnisdelemporda.com\\\/wp-content\\\/uploads\\\/2023\\\/03\\\/B2A2107-scaled.jpg\",\"contentUrl\":\"https:\\\/\\\/somnisdelemporda.com\\\/wp-content\\\/uploads\\\/2023\\\/03\\\/B2A2107-scaled.jpg\",\"width\":1707,\"height\":2560},{\"@type\":\"BreadcrumbList\",\"@id\":\"https:\\\/\\\/somnisdelemporda.com\\\/fr\\\/rooms\\\/suite-grenat\\\/#breadcrumb\",\"itemListElement\":[{\"@type\":\"ListItem\",\"position\":1,\"name\":\"Portada\",\"item\":\"https:\\\/\\\/somnisdelemporda.com\\\/fr\\\/\"},{\"@type\":\"ListItem\",\"position\":2,\"name\":\"Rooms\",\"item\":\"https:\\\/\\\/somnisdelemporda.com\\\/fr\\\/rooms\\\/\"},{\"@type\":\"ListItem\",\"position\":3,\"name\":\"Suite Grenat\"}]},{\"@type\":\"WebSite\",\"@id\":\"https:\\\/\\\/somnisdelemporda.com\\\/fr\\\/#website\",\"url\":\"https:\\\/\\\/somnisdelemporda.com\\\/fr\\\/\",\"name\":\"Somnis de l'Empord\u00e0\",\"description\":\"Mas\u00eda rural en el coraz\u00f3n de l&#039;Empord\u00e0\",\"publisher\":{\"@id\":\"https:\\\/\\\/somnisdelemporda.com\\\/fr\\\/#organization\"},\"potentialAction\":[{\"@type\":\"SearchAction\",\"target\":{\"@type\":\"EntryPoint\",\"urlTemplate\":\"https:\\\/\\\/somnisdelemporda.com\\\/fr\\\/?s={search_term_string}\"},\"query-input\":{\"@type\":\"PropertyValueSpecification\",\"valueRequired\":true,\"valueName\":\"search_term_string\"}}],\"inLanguage\":\"fr-FR\"},{\"@type\":\"Organization\",\"@id\":\"https:\\\/\\\/somnisdelemporda.com\\\/fr\\\/#organization\",\"name\":\"Somnis de l'Empord\u00e0\",\"url\":\"https:\\\/\\\/somnisdelemporda.com\\\/fr\\\/\",\"logo\":{\"@type\":\"ImageObject\",\"inLanguage\":\"fr-FR\",\"@id\":\"https:\\\/\\\/somnisdelemporda.com\\\/fr\\\/#\\\/schema\\\/logo\\\/image\\\/\",\"url\":\"https:\\\/\\\/somnisdelemporda.com\\\/wp-content\\\/uploads\\\/2023\\\/03\\\/logo-somnis-de-lemporda_Logo-sans-serif.svg\",\"contentUrl\":\"https:\\\/\\\/somnisdelemporda.com\\\/wp-content\\\/uploads\\\/2023\\\/03\\\/logo-somnis-de-lemporda_Logo-sans-serif.svg\",\"caption\":\"Somnis de l'Empord\u00e0\"},\"image\":{\"@id\":\"https:\\\/\\\/somnisdelemporda.com\\\/fr\\\/#\\\/schema\\\/logo\\\/image\\\/\"},\"sameAs\":[\"https:\\\/\\\/www.facebook.com\\\/people\\\/Somnis-de-l-Empord\\\/100063805333548\\\/\"]}]}<\/script>\n<!-- \/ Yoast SEO plugin. -->","yoast_head_json":{"title":"Suite Grenat - Somnis de l&#039;Empord\u00e0","robots":{"index":"index","follow":"follow","max-snippet":"max-snippet:-1","max-image-preview":"max-image-preview:large","max-video-preview":"max-video-preview:-1"},"canonical":"https:\/\/somnisdelemporda.com\/fr\/rooms\/suite-grenat\/","og_locale":"fr_FR","og_type":"article","og_title":"Suite Grenat - Somnis de l&#039;Empord\u00e0","og_description":"Il per\u00e7oit le charme qui existe entre l&rsquo;architecture ancienne : \u00ab\u00a0bigues, llates, toba catalana, festejadors\u00a0\u00bb et les lignes droites et modernes. cr\u00e9ant une atmosph\u00e8re chaleureuse et accueillante. Des bambous, des bougies parfum\u00e9es et une immense douche double \u00e0 effet de pluie compl\u00e8tent l&rsquo;exp\u00e9rience relaxante. Dimensions 38m, mobilier en teck, lit 1,70 x 190, grande armoire [&hellip;]","og_url":"https:\/\/somnisdelemporda.com\/fr\/rooms\/suite-grenat\/","og_site_name":"Somnis de l&#039;Empord\u00e0","article_publisher":"https:\/\/www.facebook.com\/people\/Somnis-de-l-Empord\/100063805333548\/","article_modified_time":"2023-04-26T14:38:15+00:00","og_image":[{"width":1707,"height":2560,"url":"https:\/\/somnisdelemporda.com\/wp-content\/uploads\/2023\/03\/B2A2107-scaled.jpg","type":"image\/jpeg"}],"twitter_card":"summary_large_image","twitter_misc":{"Dur\u00e9e de lecture estim\u00e9e":"1 minute"},"schema":{"@context":"https:\/\/schema.org","@graph":[{"@type":"WebPage","@id":"https:\/\/somnisdelemporda.com\/fr\/rooms\/suite-grenat\/","url":"https:\/\/somnisdelemporda.com\/fr\/rooms\/suite-grenat\/","name":"Suite Grenat - Somnis de l&#039;Empord\u00e0","isPartOf":{"@id":"https:\/\/somnisdelemporda.com\/fr\/#website"},"primaryImageOfPage":{"@id":"https:\/\/somnisdelemporda.com\/fr\/rooms\/suite-grenat\/#primaryimage"},"image":{"@id":"https:\/\/somnisdelemporda.com\/fr\/rooms\/suite-grenat\/#primaryimage"},"thumbnailUrl":"https:\/\/somnisdelemporda.com\/wp-content\/uploads\/2023\/03\/B2A2107-scaled.jpg","datePublished":"2023-03-16T10:47:06+00:00","dateModified":"2023-04-26T14:38:15+00:00","breadcrumb":{"@id":"https:\/\/somnisdelemporda.com\/fr\/rooms\/suite-grenat\/#breadcrumb"},"inLanguage":"fr-FR","potentialAction":[{"@type":"ReadAction","target":["https:\/\/somnisdelemporda.com\/fr\/rooms\/suite-grenat\/"]}]},{"@type":"ImageObject","inLanguage":"fr-FR","@id":"https:\/\/somnisdelemporda.com\/fr\/rooms\/suite-grenat\/#primaryimage","url":"https:\/\/somnisdelemporda.com\/wp-content\/uploads\/2023\/03\/B2A2107-scaled.jpg","contentUrl":"https:\/\/somnisdelemporda.com\/wp-content\/uploads\/2023\/03\/B2A2107-scaled.jpg","width":1707,"height":2560},{"@type":"BreadcrumbList","@id":"https:\/\/somnisdelemporda.com\/fr\/rooms\/suite-grenat\/#breadcrumb","itemListElement":[{"@type":"ListItem","position":1,"name":"Portada","item":"https:\/\/somnisdelemporda.com\/fr\/"},{"@type":"ListItem","position":2,"name":"Rooms","item":"https:\/\/somnisdelemporda.com\/fr\/rooms\/"},{"@type":"ListItem","position":3,"name":"Suite Grenat"}]},{"@type":"WebSite","@id":"https:\/\/somnisdelemporda.com\/fr\/#website","url":"https:\/\/somnisdelemporda.com\/fr\/","name":"Somnis de l'Empord\u00e0","description":"Mas\u00eda rural en el coraz\u00f3n de l&#039;Empord\u00e0","publisher":{"@id":"https:\/\/somnisdelemporda.com\/fr\/#organization"},"potentialAction":[{"@type":"SearchAction","target":{"@type":"EntryPoint","urlTemplate":"https:\/\/somnisdelemporda.com\/fr\/?s={search_term_string}"},"query-input":{"@type":"PropertyValueSpecification","valueRequired":true,"valueName":"search_term_string"}}],"inLanguage":"fr-FR"},{"@type":"Organization","@id":"https:\/\/somnisdelemporda.com\/fr\/#organization","name":"Somnis de l'Empord\u00e0","url":"https:\/\/somnisdelemporda.com\/fr\/","logo":{"@type":"ImageObject","inLanguage":"fr-FR","@id":"https:\/\/somnisdelemporda.com\/fr\/#\/schema\/logo\/image\/","url":"https:\/\/somnisdelemporda.com\/wp-content\/uploads\/2023\/03\/logo-somnis-de-lemporda_Logo-sans-serif.svg","contentUrl":"https:\/\/somnisdelemporda.com\/wp-content\/uploads\/2023\/03\/logo-somnis-de-lemporda_Logo-sans-serif.svg","caption":"Somnis de l'Empord\u00e0"},"image":{"@id":"https:\/\/somnisdelemporda.com\/fr\/#\/schema\/logo\/image\/"},"sameAs":["https:\/\/www.facebook.com\/people\/Somnis-de-l-Empord\/100063805333548\/"]}]}},"_links":{"self":[{"href":"https:\/\/somnisdelemporda.com\/fr\/wp-json\/wp\/v2\/rooms\/1277","targetHints":{"allow":["GET"]}}],"collection":[{"href":"https:\/\/somnisdelemporda.com\/fr\/wp-json\/wp\/v2\/rooms"}],"about":[{"href":"https:\/\/somnisdelemporda.com\/fr\/wp-json\/wp\/v2\/types\/rooms"}],"version-history":[{"count":1,"href":"https:\/\/somnisdelemporda.com\/fr\/wp-json\/wp\/v2\/rooms\/1277\/revisions"}],"predecessor-version":[{"id":1278,"href":"https:\/\/somnisdelemporda.com\/fr\/wp-json\/wp\/v2\/rooms\/1277\/revisions\/1278"}],"wp:featuredmedia":[{"embeddable":true,"href":"https:\/\/somnisdelemporda.com\/fr\/wp-json\/wp\/v2\/media\/730"}],"wp:attachment":[{"href":"https:\/\/somnisdelemporda.com\/fr\/wp-json\/wp\/v2\/media?parent=1277"}],"curies":[{"name":"wp","href":"https:\/\/api.w.org\/{rel}","templated":true}]}}