{"id":1295,"date":"2023-03-13T16:35:43","date_gmt":"2023-03-13T16:35:43","guid":{"rendered":"https:\/\/somnisdelemporda.com\/rooms\/suite-argentee\/"},"modified":"2023-04-26T14:42:30","modified_gmt":"2023-04-26T14:42:30","slug":"suite-argentee","status":"publish","type":"rooms","link":"https:\/\/somnisdelemporda.com\/fr\/rooms\/suite-argentee\/","title":{"rendered":"Suite argent\u00e9e"},"content":{"rendered":"\n<p>Commencez la journ\u00e9e devant une grande fen\u00eatre en \u00e9coutant les m\u00e9lodies des oiseaux depuis votre lit, communiquez avec l&rsquo;ext\u00e9rieur o\u00f9 le vert du jardin envahit subtilement la pi\u00e8ce. con\u00e7u pour cr\u00e9er une atmosph\u00e8re unique, une symbiose parfaite entre le pass\u00e9 et le pr\u00e9sent qui combine naturellement le bois, la pierre et le verre.<\/p>\n\n<p>Dimensions 28m, vue sur la piscine et la campagne, lit king size (1,80x2m), grande salle de bain avec douche \u00e0 effet pluie, feu au bio\u00e9thanol, \u00e9clairage d&rsquo;ambiance r\u00e9glable, air conditionn\u00e9, minibar, cafeti\u00e8re, TV \u00e9cran plat, wifi gratuit, produits Rituals.<\/p>\n\n<p>Le prix de la suite comprend un d\u00e9licieux petit-d\u00e9jeuner buffet compos\u00e9 de produits locaux tels que de la charcuterie, du jambon ib\u00e9rique, des \u0153ufs de notre poulailler, des fruits et l\u00e9gumes de notre jardin, des g\u00e2teaux faits maison, des milk-shakes et des jus de fruits naturels.<\/p>\n","protected":false},"excerpt":{"rendered":"<p>Commencez la journ\u00e9e devant une grande fen\u00eatre en \u00e9coutant les m\u00e9lodies des oiseaux depuis votre lit, communiquez avec l&rsquo;ext\u00e9rieur o\u00f9 le vert du jardin envahit subtilement la pi\u00e8ce. con\u00e7u pour cr\u00e9er une atmosph\u00e8re unique, une symbiose parfaite entre le pass\u00e9 et le pr\u00e9sent qui combine naturellement le bois, la pierre et le verre. Dimensions 28m, [&hellip;]<\/p>\n","protected":false},"featured_media":656,"template":"","meta":{"_joinchat":[],"footnotes":""},"class_list":["post-1295","rooms","type-rooms","status-publish","has-post-thumbnail","hentry"],"yoast_head":"<!-- This site is optimized with the Yoast SEO plugin v27.5 - https:\/\/yoast.com\/product\/yoast-seo-wordpress\/ -->\n<title>Suite argent\u00e9e - Somnis de l&#039;Empord\u00e0<\/title>\n<meta name=\"robots\" content=\"index, follow, max-snippet:-1, max-image-preview:large, max-video-preview:-1\" \/>\n<link rel=\"canonical\" href=\"https:\/\/somnisdelemporda.com\/fr\/rooms\/suite-argentee\/\" \/>\n<meta property=\"og:locale\" content=\"fr_FR\" \/>\n<meta property=\"og:type\" content=\"article\" \/>\n<meta property=\"og:title\" content=\"Suite argent\u00e9e - Somnis de l&#039;Empord\u00e0\" \/>\n<meta property=\"og:description\" content=\"Commencez la journ\u00e9e devant une grande fen\u00eatre en \u00e9coutant les m\u00e9lodies des oiseaux depuis votre lit, communiquez avec l&rsquo;ext\u00e9rieur o\u00f9 le vert du jardin envahit subtilement la pi\u00e8ce. con\u00e7u pour cr\u00e9er une atmosph\u00e8re unique, une symbiose parfaite entre le pass\u00e9 et le pr\u00e9sent qui combine naturellement le bois, la pierre et le verre. Dimensions 28m, [&hellip;]\" \/>\n<meta property=\"og:url\" content=\"https:\/\/somnisdelemporda.com\/fr\/rooms\/suite-argentee\/\" \/>\n<meta property=\"og:site_name\" content=\"Somnis de l&#039;Empord\u00e0\" \/>\n<meta property=\"article:publisher\" content=\"https:\/\/www.facebook.com\/people\/Somnis-de-l-Empord\/100063805333548\/\" \/>\n<meta property=\"article:modified_time\" content=\"2023-04-26T14:42:30+00:00\" \/>\n<meta property=\"og:image\" content=\"https:\/\/somnisdelemporda.com\/wp-content\/uploads\/2023\/03\/B2A2210-2-1-scaled.jpg\" \/>\n\t<meta property=\"og:image:width\" content=\"2560\" \/>\n\t<meta property=\"og:image:height\" content=\"1707\" \/>\n\t<meta property=\"og:image:type\" content=\"image\/jpeg\" \/>\n<meta name=\"twitter:card\" content=\"summary_large_image\" \/>\n<meta name=\"twitter:label1\" content=\"Dur\u00e9e de lecture estim\u00e9e\" \/>\n\t<meta name=\"twitter:data1\" content=\"1 minute\" \/>\n<script type=\"application\/ld+json\" class=\"yoast-schema-graph\">{\"@context\":\"https:\\\/\\\/schema.org\",\"@graph\":[{\"@type\":\"WebPage\",\"@id\":\"https:\\\/\\\/somnisdelemporda.com\\\/fr\\\/rooms\\\/suite-argentee\\\/\",\"url\":\"https:\\\/\\\/somnisdelemporda.com\\\/fr\\\/rooms\\\/suite-argentee\\\/\",\"name\":\"Suite argent\u00e9e - Somnis de l&#039;Empord\u00e0\",\"isPartOf\":{\"@id\":\"https:\\\/\\\/somnisdelemporda.com\\\/fr\\\/#website\"},\"primaryImageOfPage\":{\"@id\":\"https:\\\/\\\/somnisdelemporda.com\\\/fr\\\/rooms\\\/suite-argentee\\\/#primaryimage\"},\"image\":{\"@id\":\"https:\\\/\\\/somnisdelemporda.com\\\/fr\\\/rooms\\\/suite-argentee\\\/#primaryimage\"},\"thumbnailUrl\":\"https:\\\/\\\/somnisdelemporda.com\\\/wp-content\\\/uploads\\\/2023\\\/03\\\/B2A2210-2-1-scaled.jpg\",\"datePublished\":\"2023-03-13T16:35:43+00:00\",\"dateModified\":\"2023-04-26T14:42:30+00:00\",\"breadcrumb\":{\"@id\":\"https:\\\/\\\/somnisdelemporda.com\\\/fr\\\/rooms\\\/suite-argentee\\\/#breadcrumb\"},\"inLanguage\":\"fr-FR\",\"potentialAction\":[{\"@type\":\"ReadAction\",\"target\":[\"https:\\\/\\\/somnisdelemporda.com\\\/fr\\\/rooms\\\/suite-argentee\\\/\"]}]},{\"@type\":\"ImageObject\",\"inLanguage\":\"fr-FR\",\"@id\":\"https:\\\/\\\/somnisdelemporda.com\\\/fr\\\/rooms\\\/suite-argentee\\\/#primaryimage\",\"url\":\"https:\\\/\\\/somnisdelemporda.com\\\/wp-content\\\/uploads\\\/2023\\\/03\\\/B2A2210-2-1-scaled.jpg\",\"contentUrl\":\"https:\\\/\\\/somnisdelemporda.com\\\/wp-content\\\/uploads\\\/2023\\\/03\\\/B2A2210-2-1-scaled.jpg\",\"width\":2560,\"height\":1707},{\"@type\":\"BreadcrumbList\",\"@id\":\"https:\\\/\\\/somnisdelemporda.com\\\/fr\\\/rooms\\\/suite-argentee\\\/#breadcrumb\",\"itemListElement\":[{\"@type\":\"ListItem\",\"position\":1,\"name\":\"Portada\",\"item\":\"https:\\\/\\\/somnisdelemporda.com\\\/fr\\\/\"},{\"@type\":\"ListItem\",\"position\":2,\"name\":\"Rooms\",\"item\":\"https:\\\/\\\/somnisdelemporda.com\\\/fr\\\/rooms\\\/\"},{\"@type\":\"ListItem\",\"position\":3,\"name\":\"Suite argent\u00e9e\"}]},{\"@type\":\"WebSite\",\"@id\":\"https:\\\/\\\/somnisdelemporda.com\\\/fr\\\/#website\",\"url\":\"https:\\\/\\\/somnisdelemporda.com\\\/fr\\\/\",\"name\":\"Somnis de l'Empord\u00e0\",\"description\":\"Mas\u00eda rural en el coraz\u00f3n de l&#039;Empord\u00e0\",\"publisher\":{\"@id\":\"https:\\\/\\\/somnisdelemporda.com\\\/fr\\\/#organization\"},\"potentialAction\":[{\"@type\":\"SearchAction\",\"target\":{\"@type\":\"EntryPoint\",\"urlTemplate\":\"https:\\\/\\\/somnisdelemporda.com\\\/fr\\\/?s={search_term_string}\"},\"query-input\":{\"@type\":\"PropertyValueSpecification\",\"valueRequired\":true,\"valueName\":\"search_term_string\"}}],\"inLanguage\":\"fr-FR\"},{\"@type\":\"Organization\",\"@id\":\"https:\\\/\\\/somnisdelemporda.com\\\/fr\\\/#organization\",\"name\":\"Somnis de l'Empord\u00e0\",\"url\":\"https:\\\/\\\/somnisdelemporda.com\\\/fr\\\/\",\"logo\":{\"@type\":\"ImageObject\",\"inLanguage\":\"fr-FR\",\"@id\":\"https:\\\/\\\/somnisdelemporda.com\\\/fr\\\/#\\\/schema\\\/logo\\\/image\\\/\",\"url\":\"https:\\\/\\\/somnisdelemporda.com\\\/wp-content\\\/uploads\\\/2023\\\/03\\\/logo-somnis-de-lemporda_Logo-sans-serif.svg\",\"contentUrl\":\"https:\\\/\\\/somnisdelemporda.com\\\/wp-content\\\/uploads\\\/2023\\\/03\\\/logo-somnis-de-lemporda_Logo-sans-serif.svg\",\"caption\":\"Somnis de l'Empord\u00e0\"},\"image\":{\"@id\":\"https:\\\/\\\/somnisdelemporda.com\\\/fr\\\/#\\\/schema\\\/logo\\\/image\\\/\"},\"sameAs\":[\"https:\\\/\\\/www.facebook.com\\\/people\\\/Somnis-de-l-Empord\\\/100063805333548\\\/\"]}]}<\/script>\n<!-- \/ Yoast SEO plugin. -->","yoast_head_json":{"title":"Suite argent\u00e9e - Somnis de l&#039;Empord\u00e0","robots":{"index":"index","follow":"follow","max-snippet":"max-snippet:-1","max-image-preview":"max-image-preview:large","max-video-preview":"max-video-preview:-1"},"canonical":"https:\/\/somnisdelemporda.com\/fr\/rooms\/suite-argentee\/","og_locale":"fr_FR","og_type":"article","og_title":"Suite argent\u00e9e - Somnis de l&#039;Empord\u00e0","og_description":"Commencez la journ\u00e9e devant une grande fen\u00eatre en \u00e9coutant les m\u00e9lodies des oiseaux depuis votre lit, communiquez avec l&rsquo;ext\u00e9rieur o\u00f9 le vert du jardin envahit subtilement la pi\u00e8ce. con\u00e7u pour cr\u00e9er une atmosph\u00e8re unique, une symbiose parfaite entre le pass\u00e9 et le pr\u00e9sent qui combine naturellement le bois, la pierre et le verre. Dimensions 28m, [&hellip;]","og_url":"https:\/\/somnisdelemporda.com\/fr\/rooms\/suite-argentee\/","og_site_name":"Somnis de l&#039;Empord\u00e0","article_publisher":"https:\/\/www.facebook.com\/people\/Somnis-de-l-Empord\/100063805333548\/","article_modified_time":"2023-04-26T14:42:30+00:00","og_image":[{"width":2560,"height":1707,"url":"https:\/\/somnisdelemporda.com\/wp-content\/uploads\/2023\/03\/B2A2210-2-1-scaled.jpg","type":"image\/jpeg"}],"twitter_card":"summary_large_image","twitter_misc":{"Dur\u00e9e de lecture estim\u00e9e":"1 minute"},"schema":{"@context":"https:\/\/schema.org","@graph":[{"@type":"WebPage","@id":"https:\/\/somnisdelemporda.com\/fr\/rooms\/suite-argentee\/","url":"https:\/\/somnisdelemporda.com\/fr\/rooms\/suite-argentee\/","name":"Suite argent\u00e9e - Somnis de l&#039;Empord\u00e0","isPartOf":{"@id":"https:\/\/somnisdelemporda.com\/fr\/#website"},"primaryImageOfPage":{"@id":"https:\/\/somnisdelemporda.com\/fr\/rooms\/suite-argentee\/#primaryimage"},"image":{"@id":"https:\/\/somnisdelemporda.com\/fr\/rooms\/suite-argentee\/#primaryimage"},"thumbnailUrl":"https:\/\/somnisdelemporda.com\/wp-content\/uploads\/2023\/03\/B2A2210-2-1-scaled.jpg","datePublished":"2023-03-13T16:35:43+00:00","dateModified":"2023-04-26T14:42:30+00:00","breadcrumb":{"@id":"https:\/\/somnisdelemporda.com\/fr\/rooms\/suite-argentee\/#breadcrumb"},"inLanguage":"fr-FR","potentialAction":[{"@type":"ReadAction","target":["https:\/\/somnisdelemporda.com\/fr\/rooms\/suite-argentee\/"]}]},{"@type":"ImageObject","inLanguage":"fr-FR","@id":"https:\/\/somnisdelemporda.com\/fr\/rooms\/suite-argentee\/#primaryimage","url":"https:\/\/somnisdelemporda.com\/wp-content\/uploads\/2023\/03\/B2A2210-2-1-scaled.jpg","contentUrl":"https:\/\/somnisdelemporda.com\/wp-content\/uploads\/2023\/03\/B2A2210-2-1-scaled.jpg","width":2560,"height":1707},{"@type":"BreadcrumbList","@id":"https:\/\/somnisdelemporda.com\/fr\/rooms\/suite-argentee\/#breadcrumb","itemListElement":[{"@type":"ListItem","position":1,"name":"Portada","item":"https:\/\/somnisdelemporda.com\/fr\/"},{"@type":"ListItem","position":2,"name":"Rooms","item":"https:\/\/somnisdelemporda.com\/fr\/rooms\/"},{"@type":"ListItem","position":3,"name":"Suite argent\u00e9e"}]},{"@type":"WebSite","@id":"https:\/\/somnisdelemporda.com\/fr\/#website","url":"https:\/\/somnisdelemporda.com\/fr\/","name":"Somnis de l'Empord\u00e0","description":"Mas\u00eda rural en el coraz\u00f3n de l&#039;Empord\u00e0","publisher":{"@id":"https:\/\/somnisdelemporda.com\/fr\/#organization"},"potentialAction":[{"@type":"SearchAction","target":{"@type":"EntryPoint","urlTemplate":"https:\/\/somnisdelemporda.com\/fr\/?s={search_term_string}"},"query-input":{"@type":"PropertyValueSpecification","valueRequired":true,"valueName":"search_term_string"}}],"inLanguage":"fr-FR"},{"@type":"Organization","@id":"https:\/\/somnisdelemporda.com\/fr\/#organization","name":"Somnis de l'Empord\u00e0","url":"https:\/\/somnisdelemporda.com\/fr\/","logo":{"@type":"ImageObject","inLanguage":"fr-FR","@id":"https:\/\/somnisdelemporda.com\/fr\/#\/schema\/logo\/image\/","url":"https:\/\/somnisdelemporda.com\/wp-content\/uploads\/2023\/03\/logo-somnis-de-lemporda_Logo-sans-serif.svg","contentUrl":"https:\/\/somnisdelemporda.com\/wp-content\/uploads\/2023\/03\/logo-somnis-de-lemporda_Logo-sans-serif.svg","caption":"Somnis de l'Empord\u00e0"},"image":{"@id":"https:\/\/somnisdelemporda.com\/fr\/#\/schema\/logo\/image\/"},"sameAs":["https:\/\/www.facebook.com\/people\/Somnis-de-l-Empord\/100063805333548\/"]}]}},"_links":{"self":[{"href":"https:\/\/somnisdelemporda.com\/fr\/wp-json\/wp\/v2\/rooms\/1295","targetHints":{"allow":["GET"]}}],"collection":[{"href":"https:\/\/somnisdelemporda.com\/fr\/wp-json\/wp\/v2\/rooms"}],"about":[{"href":"https:\/\/somnisdelemporda.com\/fr\/wp-json\/wp\/v2\/types\/rooms"}],"version-history":[{"count":3,"href":"https:\/\/somnisdelemporda.com\/fr\/wp-json\/wp\/v2\/rooms\/1295\/revisions"}],"predecessor-version":[{"id":1298,"href":"https:\/\/somnisdelemporda.com\/fr\/wp-json\/wp\/v2\/rooms\/1295\/revisions\/1298"}],"wp:featuredmedia":[{"embeddable":true,"href":"https:\/\/somnisdelemporda.com\/fr\/wp-json\/wp\/v2\/media\/656"}],"wp:attachment":[{"href":"https:\/\/somnisdelemporda.com\/fr\/wp-json\/wp\/v2\/media?parent=1295"}],"curies":[{"name":"wp","href":"https:\/\/api.w.org\/{rel}","templated":true}]}}